{"id":125,"date":"2022-07-02T17:21:13","date_gmt":"2022-07-02T15:21:13","guid":{"rendered":"https:\/\/marchal-dany.be\/wordpress\/?page_id=125"},"modified":"2023-01-12T14:11:36","modified_gmt":"2023-01-12T13:11:36","slug":"domotique-bticino","status":"publish","type":"page","link":"https:\/\/marchal-dany.be\/wordpress\/domotique-bticino\/","title":{"rendered":"BTICINO &#8211; MY HOME DOMOTIQUE \u2013 \u00ab\u00a0Votre maison \u00e9volue avec vous\u00a0\u00bb"},"content":{"rendered":"\n<p>My Home Domotique est un syst\u00e8me d\u2019automatisation permettant de concevoir une architecture \u00e9lectrique et num\u00e9rique pour votre maison. Il alliera&nbsp;<strong>confort et \u00e9conomie, qualit\u00e9 et design<\/strong>&nbsp;en vous aidant dans la plupart de vos t\u00e2ches quotidiennes.<\/p>\n\n\n\n<p>My Home en se concentrant sur&nbsp;<strong>l\u2019utilisateur<\/strong>&nbsp;apporte une r\u00e9ponse \u00e0 ses d\u00e9sirs personnels aux travers de diff\u00e9rentes applications. Le syst\u00e8me introduit la technologie la plus r\u00e9cente dans tout projet d\u2019habitat.<\/p>\n\n\n\n<p>Parce qu\u2019un jeune m\u00e9nage n\u2019a pas les m\u00eames besoins qu\u2019une famille nombreuse, parce que ceux qui travaillent \u00e0 l\u2019ext\u00e9rieur ont d\u2019autres exigences que ceux qui travaillent \u00e0 domicile, My Home s\u2019adapte,&nbsp;<strong>\u00e9volue et grandit avec la famille.<\/strong><\/p>\n\n\n\n<p>\u00ab&nbsp;D\u00e9couvrez votre propre style !&nbsp;\u00bb<\/p>\n\n\n\n<p>Gr\u00e2ce \u00e0 la technologie num\u00e9rique, toutes les fonctions pr\u00e9vues dans une installation peuvent \u00eatre modifi\u00e9es \u00e0 tout moment, sans modification du c\u00e2blage.<\/p>\n\n\n\n<p class=\"has-text-align-center\">MyHome Domotique s\u2019articule autour de&nbsp;<strong>4 grands volets :<\/strong><br><img loading=\"lazy\" decoding=\"async\" width=\"500\" height=\"465\" class=\"wp-image-128\" style=\"width: 500px;\" src=\"https:\/\/marchal-dany.be\/wordpress\/wp-content\/uploads\/2022\/07\/12.png\" alt=\"\" srcset=\"https:\/\/marchal-dany.be\/wordpress\/wp-content\/uploads\/2022\/07\/12.png 388w, https:\/\/marchal-dany.be\/wordpress\/wp-content\/uploads\/2022\/07\/12-300x279.png 300w\" sizes=\"auto, (max-width: 500px) 100vw, 500px\" \/><\/p>\n\n\n<div class=\"wp-block-image\">\n<figure class=\"aligncenter size-full is-resized\"><img loading=\"lazy\" decoding=\"async\" src=\"https:\/\/marchal-dany.be\/wordpress\/wp-content\/uploads\/2022\/07\/13.jpg\" alt=\"\" class=\"wp-image-129\" width=\"664\" height=\"301\"\/><\/figure>\n<\/div>\n\n\n<h3 class=\"wp-block-heading\"><strong>1. Confort<\/strong><\/h3>\n\n\n\n<p>MyHome domotique automatise la plupart de vos actions quotidiennes, vous simplifiant alors consid\u00e9rablement la vie.<\/p>\n\n\n\n<p><strong>Comment ?<\/strong><\/p>\n\n\n\n<p>Gestion de l\u2019\u00e9clairage des volets et du chauffage \u00e0 partir&nbsp;<strong>d\u2019un simple interrupteur<\/strong>&nbsp;(LivingLight, Axolute). La gamme vous offre une multitude de possibilit\u00e9s.&nbsp;<a href=\"https:\/\/marchal-dany.be\/images\/24.jpg\" data-rel=\"lightbox-image-0\" data-rl_title=\"\" data-rl_caption=\"\" title=\"\">&nbsp;<\/a><\/p>\n\n\n<div class=\"wp-block-image\">\n<figure class=\"aligncenter size-full is-resized\"><img loading=\"lazy\" decoding=\"async\" src=\"https:\/\/marchal-dany.be\/wordpress\/wp-content\/uploads\/2022\/07\/24.jpg\" alt=\"\" class=\"wp-image-138\" width=\"227\" height=\"227\" srcset=\"https:\/\/marchal-dany.be\/wordpress\/wp-content\/uploads\/2022\/07\/24.jpg 400w, https:\/\/marchal-dany.be\/wordpress\/wp-content\/uploads\/2022\/07\/24-300x300.jpg 300w, https:\/\/marchal-dany.be\/wordpress\/wp-content\/uploads\/2022\/07\/24-150x150.jpg 150w\" sizes=\"auto, (max-width: 227px) 100vw, 227px\" \/><\/figure>\n<\/div>\n\n<div class=\"wp-block-image\">\n<figure class=\"aligncenter size-full is-resized\"><img loading=\"lazy\" decoding=\"async\" src=\"https:\/\/marchal-dany.be\/wordpress\/wp-content\/uploads\/2022\/07\/14.jpg\" alt=\"\" class=\"wp-image-130\" width=\"177\" height=\"135\" srcset=\"https:\/\/marchal-dany.be\/wordpress\/wp-content\/uploads\/2022\/07\/14.jpg 500w, https:\/\/marchal-dany.be\/wordpress\/wp-content\/uploads\/2022\/07\/14-300x228.jpg 300w\" sizes=\"auto, (max-width: 177px) 100vw, 177px\" \/><\/figure>\n<\/div>\n\n\n<p><a href=\"https:\/\/marchal-dany.be\/images\/14.jpg\" data-rel=\"lightbox-image-1\" data-rl_title=\"\" data-rl_caption=\"\" title=\"\"><\/a><\/p>\n\n\n\n<p>Diffusion sonore : vous pourrez \u00e9couter votre musique dans chacune des pi\u00e8ces de la maison, choisir vos playlists favorites \u00e0 partir d\u2019un \u00e9cran tactile.&nbsp;<a href=\"https:\/\/marchal-dany.be\/images\/23.jpg\" data-rel=\"lightbox-image-2\" data-rl_title=\"\" data-rl_caption=\"\" title=\"\">&nbsp;<\/a><a href=\"https:\/\/marchal-dany.be\/images\/25.jpg\" data-rel=\"lightbox-image-3\" data-rl_title=\"\" data-rl_caption=\"\" title=\"\"><\/a><\/p>\n\n\n<div class=\"wp-block-image\">\n<figure class=\"aligncenter size-full\"><img loading=\"lazy\" decoding=\"async\" width=\"195\" height=\"200\" src=\"https:\/\/marchal-dany.be\/wordpress\/wp-content\/uploads\/2022\/07\/23.jpg\" alt=\"\" class=\"wp-image-137\"\/><\/figure>\n<\/div>\n\n<div class=\"wp-block-image\">\n<figure class=\"aligncenter size-full is-resized\"><img decoding=\"async\" src=\"https:\/\/marchal-dany.be\/wordpress\/wp-content\/uploads\/2022\/07\/25.jpg\" alt=\"\" class=\"wp-image-139\" width=\"-139\" height=\"-139\" srcset=\"https:\/\/marchal-dany.be\/wordpress\/wp-content\/uploads\/2022\/07\/25.jpg 450w, https:\/\/marchal-dany.be\/wordpress\/wp-content\/uploads\/2022\/07\/25-300x300.jpg 300w, https:\/\/marchal-dany.be\/wordpress\/wp-content\/uploads\/2022\/07\/25-150x150.jpg 150w\" sizes=\"(max-width: 450px) 100vw, 450px\" \/><\/figure>\n<\/div>\n\n\n<p>Gr\u00e2ce \u00e0 cet outil, vous pourrez prendre le contr\u00f4le de votre installation (allumer, \u00e9teindre, r\u00e9glages fins, \u2026.) dans n\u2019importe quelle pi\u00e8ce de votre habitation.<\/p>\n\n\n\n<h3 class=\"wp-block-heading\"><strong>2. Economie d\u2019\u00e9nergie<\/strong><\/h3>\n\n\n\n<p>MyHome domotique permet une maitrise de votre consommation \u00e9lectrique et \u00e9nerg\u00e9tique. Vous pourrez g\u00e9rer vos consommation, r\u00e9guler la temp\u00e9rature de chacune des pi\u00e8ces de l\u2019habitation, cr\u00e9er diff\u00e9rents sc\u00e9narios pour adapter votre consommation au moment de la journ\u00e9e, de l\u2019ann\u00e9e.<\/p>\n\n\n\n<p><strong>Comment ?<\/strong><\/p>\n\n\n\n<ul class=\"wp-block-list\">\n<li>A partir d\u2019une&nbsp;<strong>sonde thermostatique<\/strong><\/li>\n\n\n\n<li>A partir d\u2019une&nbsp;<strong>centrale temp\u00e9rature<\/strong>&nbsp;permettant de configurer votre syst\u00e8me et d\u2019adapter les programmes.<\/li>\n\n\n\n<li>A partir de votre&nbsp;<strong>\u00e9cran tactile.<\/strong>&nbsp;Vous pourrez choisir la p\u00e9riodicit\u00e9, l\u2019unit\u00e9 et le format d\u2019affichage.<\/li>\n<\/ul>\n\n\n\n<h3 class=\"wp-block-heading\"><strong>3. Communication<\/strong><\/h3>\n\n\n\n<figure class=\"wp-block-image size-full\"><img loading=\"lazy\" decoding=\"async\" width=\"960\" height=\"430\" src=\"https:\/\/marchal-dany.be\/wordpress\/wp-content\/uploads\/2022\/07\/19.jpg\" alt=\"\" class=\"wp-image-133\" srcset=\"https:\/\/marchal-dany.be\/wordpress\/wp-content\/uploads\/2022\/07\/19.jpg 960w, https:\/\/marchal-dany.be\/wordpress\/wp-content\/uploads\/2022\/07\/19-300x134.jpg 300w, https:\/\/marchal-dany.be\/wordpress\/wp-content\/uploads\/2022\/07\/19-768x344.jpg 768w\" sizes=\"auto, (max-width: 960px) 100vw, 960px\" \/><\/figure>\n\n\n\n<p>MyHome domotique interagit avec votre PC, tablette, smartphone vous permettant un pilotage \u00e0 distance de votre syst\u00e8me domotique.<\/p>\n\n\n\n<p><strong>Comment ?<\/strong><\/p>\n\n\n\n<p>A partir d\u2019un&nbsp;<strong>simple interrupteur<\/strong>&nbsp;vous pourrez configurer plusieurs sc\u00e9narios o\u00f9 chaque touche sera associ\u00e9e \u00e0 une ou plusieurs actions.<\/p>\n\n\n\n<p>A partir d\u2019un&nbsp;<strong>multi-media touchscreen.<\/strong>&nbsp;<\/p>\n\n\n<div class=\"wp-block-image\">\n<figure class=\"aligncenter size-full is-resized\"><img loading=\"lazy\" decoding=\"async\" src=\"https:\/\/marchal-dany.be\/wordpress\/wp-content\/uploads\/2022\/07\/26.jpg\" alt=\"\" class=\"wp-image-140\" width=\"515\" height=\"332\" srcset=\"https:\/\/marchal-dany.be\/wordpress\/wp-content\/uploads\/2022\/07\/26.jpg 792w, https:\/\/marchal-dany.be\/wordpress\/wp-content\/uploads\/2022\/07\/26-300x193.jpg 300w, https:\/\/marchal-dany.be\/wordpress\/wp-content\/uploads\/2022\/07\/26-768x495.jpg 768w\" sizes=\"auto, (max-width: 515px) 100vw, 515px\" \/><\/figure>\n<\/div>\n\n\n<p><a href=\"https:\/\/marchal-dany.be\/images\/26.jpg\" data-rel=\"lightbox-image-4\" data-rl_title=\"\" data-rl_caption=\"\" title=\"\"><\/a><br>A partir d\u2019un&nbsp;<strong>\u00e9cran tactile.<\/strong><\/p>\n\n\n\n<h3 class=\"wp-block-heading\"><strong>4. Video-parlophonie<\/strong><\/h3>\n\n\n\n<p>Un poste int\u00e9rieur et ext\u00e9rieur vous offre principalement 3 fonctions : t\u00e9l\u00e9phonie, vid\u00e9ophonie et domotique. En effet, vous pourrez g\u00e9rer \u00e0 partir de celui-ci g\u00e9rer vos appels entrants et sortants, contr\u00f4ler l\u2019acc\u00e8s \u00e0 votre habitation ou encore interagir avec votre syst\u00e8me domotique.<\/p>\n\n\n\n<p>Le poste int\u00e9rieur s\u2019int\u00e9grera parfaitement avec votre d\u00e9coration et le poste ext\u00e9rieur sera en parfaite harmonie avec l\u2019esth\u00e9tique de la fa\u00e7ade du b\u00e2timent.<\/p>\n\n\n<div class=\"wp-block-image\">\n<figure class=\"aligncenter size-full is-resized\"><img loading=\"lazy\" decoding=\"async\" src=\"https:\/\/marchal-dany.be\/wordpress\/wp-content\/uploads\/2022\/07\/22.jpg\" alt=\"\" class=\"wp-image-136\" width=\"123\" height=\"193\" srcset=\"https:\/\/marchal-dany.be\/wordpress\/wp-content\/uploads\/2022\/07\/22.jpg 510w, https:\/\/marchal-dany.be\/wordpress\/wp-content\/uploads\/2022\/07\/22-191x300.jpg 191w\" sizes=\"auto, (max-width: 123px) 100vw, 123px\" \/><\/figure>\n<\/div>\n\n<div class=\"wp-block-image\">\n<figure class=\"aligncenter size-full is-resized\"><img loading=\"lazy\" decoding=\"async\" src=\"https:\/\/marchal-dany.be\/wordpress\/wp-content\/uploads\/2022\/07\/17.jpg\" alt=\"\" class=\"wp-image-131\" width=\"272\" height=\"181\" srcset=\"https:\/\/marchal-dany.be\/wordpress\/wp-content\/uploads\/2022\/07\/17.jpg 798w, https:\/\/marchal-dany.be\/wordpress\/wp-content\/uploads\/2022\/07\/17-300x200.jpg 300w, https:\/\/marchal-dany.be\/wordpress\/wp-content\/uploads\/2022\/07\/17-768x512.jpg 768w\" sizes=\"auto, (max-width: 272px) 100vw, 272px\" \/><\/figure>\n<\/div>\n\n<div class=\"wp-block-image\">\n<figure class=\"aligncenter size-full\"><img loading=\"lazy\" decoding=\"async\" width=\"227\" height=\"204\" src=\"https:\/\/marchal-dany.be\/wordpress\/wp-content\/uploads\/2022\/07\/18.png\" alt=\"\" class=\"wp-image-132\"\/><\/figure>\n<\/div>\n\n\n<p><strong>Chauffage \u00e9lectrique<\/strong><\/p>\n\n\n\n<ul class=\"wp-block-list\">\n<li>Vente et installation de chauffage \u00e9lectrique par accumulation ou chauffage au sol<\/li>\n\n\n\n<li>Domotisation et gestion des consommations (voir ci-dessus).<\/li>\n<\/ul>\n\n\n\n<p><strong>Modus Operandis<\/strong><\/p>\n\n\n\n<ol class=\"wp-block-list\">\n<li>Etude de projet<\/li>\n\n\n\n<li>R\u00e9alisation d\u2019un cahier des charges ainsi que des plans<\/li>\n\n\n\n<li>Discussion de ces derniers en concertation avec le client pour correspondre \u00e0 ses attentes<\/li>\n\n\n\n<li>Mise en \u0153uvre de l\u2019installation<\/li>\n<\/ol>\n","protected":false},"excerpt":{"rendered":"<p>My Home Domotique est un syst\u00e8me d\u2019automatisation permettant de concevoir une architecture \u00e9lectrique et num\u00e9rique pour votre maison. Il alliera&nbsp;confort et \u00e9conomie, qualit\u00e9 et design&nbsp;en vous aidant dans la plupart de vos t\u00e2ches quotidiennes. My Home en se concentrant sur&nbsp;l\u2019utilisateur&nbsp;apporte une r\u00e9ponse \u00e0 ses d\u00e9sirs personnels aux travers de diff\u00e9rentes applications. Le syst\u00e8me introduit la technologie la plus r\u00e9cente dans tout projet d\u2019habitat. Parce qu\u2019un jeune m\u00e9nage n\u2019a pas les m\u00eames besoins qu\u2019une famille nombreuse, parce que ceux qui travaillent \u00e0 l\u2019ext\u00e9rieur ont d\u2019autres exigences que ceux qui travaillent \u00e0 domicile, My Home s\u2019adapte,&nbsp;\u00e9volue et grandit avec la famille. \u00ab&nbsp;D\u00e9couvrez votre propre style !&nbsp;\u00bb Gr\u00e2ce \u00e0 la technologie num\u00e9rique, toutes les fonctions pr\u00e9vues dans une installation peuvent \u00eatre modifi\u00e9es \u00e0 tout moment, sans modification du c\u00e2blage. MyHome Domotique s\u2019articule autour de&nbsp;4 grands volets : 1. Confort MyHome domotique automatise la plupart de vos actions quotidiennes, vous simplifiant alors consid\u00e9rablement la vie. Comment ? Gestion de l\u2019\u00e9clairage des volets et du chauffage \u00e0 partir&nbsp;d\u2019un simple interrupteur&nbsp;(LivingLight, Axolute). La gamme vous offre une multitude de possibilit\u00e9s.&nbsp;&nbsp; Diffusion sonore : vous pourrez \u00e9couter votre musique dans chacune des pi\u00e8ces de la maison, choisir vos playlists favorites \u00e0 partir d\u2019un \u00e9cran tactile.&nbsp;&nbsp; Gr\u00e2ce \u00e0 cet outil, vous pourrez prendre le contr\u00f4le de votre installation (allumer, \u00e9teindre, r\u00e9glages fins, \u2026.) dans n\u2019importe quelle pi\u00e8ce de votre habitation. 2. Economie d\u2019\u00e9nergie MyHome domotique permet une maitrise de votre consommation \u00e9lectrique et \u00e9nerg\u00e9tique. Vous pourrez g\u00e9rer vos consommation, r\u00e9guler la temp\u00e9rature de chacune des pi\u00e8ces de l\u2019habitation, cr\u00e9er diff\u00e9rents sc\u00e9narios pour adapter votre consommation au moment de la journ\u00e9e, de l\u2019ann\u00e9e. Comment ? 3. Communication MyHome domotique interagit avec votre PC, tablette, smartphone vous permettant un pilotage \u00e0 distance de votre syst\u00e8me domotique. Comment ? A partir d\u2019un&nbsp;simple interrupteur&nbsp;vous pourrez configurer plusieurs sc\u00e9narios o\u00f9 chaque touche sera associ\u00e9e \u00e0 une ou plusieurs actions. A partir d\u2019un&nbsp;multi-media touchscreen.&nbsp; A partir d\u2019un&nbsp;\u00e9cran tactile. 4. Video-parlophonie Un poste int\u00e9rieur et ext\u00e9rieur vous offre principalement 3 fonctions : t\u00e9l\u00e9phonie, vid\u00e9ophonie et domotique. En effet, vous pourrez g\u00e9rer \u00e0 partir de celui-ci g\u00e9rer vos appels entrants et sortants, contr\u00f4ler l\u2019acc\u00e8s \u00e0 votre habitation ou encore interagir avec votre syst\u00e8me domotique. Le poste int\u00e9rieur s\u2019int\u00e9grera parfaitement avec votre d\u00e9coration et le poste ext\u00e9rieur sera en parfaite harmonie avec l\u2019esth\u00e9tique de la fa\u00e7ade du b\u00e2timent. Chauffage \u00e9lectrique Modus Operandis<\/p>\n","protected":false},"author":1,"featured_media":0,"parent":0,"menu_order":0,"comment_status":"closed","ping_status":"closed","template":"","meta":{"_themeisle_gutenberg_block_has_review":false,"footnotes":""},"class_list":["post-125","page","type-page","status-publish","hentry"],"_links":{"self":[{"href":"https:\/\/marchal-dany.be\/wordpress\/wp-json\/wp\/v2\/pages\/125","targetHints":{"allow":["GET"]}}],"collection":[{"href":"https:\/\/marchal-dany.be\/wordpress\/wp-json\/wp\/v2\/pages"}],"about":[{"href":"https:\/\/marchal-dany.be\/wordpress\/wp-json\/wp\/v2\/types\/page"}],"author":[{"embeddable":true,"href":"https:\/\/marchal-dany.be\/wordpress\/wp-json\/wp\/v2\/users\/1"}],"replies":[{"embeddable":true,"href":"https:\/\/marchal-dany.be\/wordpress\/wp-json\/wp\/v2\/comments?post=125"}],"version-history":[{"count":4,"href":"https:\/\/marchal-dany.be\/wordpress\/wp-json\/wp\/v2\/pages\/125\/revisions"}],"predecessor-version":[{"id":256,"href":"https:\/\/marchal-dany.be\/wordpress\/wp-json\/wp\/v2\/pages\/125\/revisions\/256"}],"wp:attachment":[{"href":"https:\/\/marchal-dany.be\/wordpress\/wp-json\/wp\/v2\/media?parent=125"}],"curies":[{"name":"wp","href":"https:\/\/api.w.org\/{rel}","templated":true}]}}