{"id":65,"date":"2022-07-02T15:24:42","date_gmt":"2022-07-02T13:24:42","guid":{"rendered":"https:\/\/marchal-dany.be\/wordpress\/?page_id=65"},"modified":"2023-01-12T12:40:23","modified_gmt":"2023-01-12T11:40:23","slug":"do-it-your-self","status":"publish","type":"page","link":"https:\/\/marchal-dany.be\/wordpress\/do-it-your-self\/","title":{"rendered":"Do-It-Yourself"},"content":{"rendered":"\n<p><\/p>\n\n\n\n<p>Le <strong>Do-It-Yourself<\/strong> s\u2019adresse aux particuliers, qui souhaitent placer eux-m\u00eames toute leur installation en &nbsp;\u00e9lectricit\u00e9,&nbsp;domotique, ventilation&nbsp;sans avoir de connaissance technique particuli\u00e8re.<\/p>\n\n\n\n<p>Fort de plus de 20 ans d&rsquo;exp\u00e9rience,<strong> Dany Marchal<\/strong> a su, au fil des ann\u00e9es, tisser un package de connaissance, permettant ainsi de vous proposer exclusivement du mat\u00e9riel de marque, de qualit\u00e9 surtout facile \u00e0 placer soi-m\u00eame.<\/p>\n\n\n\n<p>Conscient que le monde change, <strong>Dany Marchal<\/strong> est en constante \u00e9volution pour vous offrir des syst\u00e8mes agr\u00e9\u00e9s pratiques \u00e0 installer et r\u00e9pondant aux normes en vigueur.<\/p>\n\n\n\n<p><\/p>\n\n\n\n<p><\/p>\n\n\n\n<h3 class=\"wp-block-heading\">Votre projet se d\u00e9roule en quelques \u00e9tapes :<\/h3>\n\n\n\n<ol class=\"wp-block-list\">\n<li><strong>Dany Marchal<\/strong> se rend chez vous pour \u00e9tudier avec vous, votre projet. <\/li>\n\n\n\n<li>Vous recevez ensuite une <strong>offre d\u00e9taill\u00e9e<\/strong> avec uniquement du mat\u00e9riel de qualit\u00e9.<\/li>\n\n\n\n<li>Votre r\u00e9el travail va donc commencer ici, <strong>Dany<\/strong> vous fournir une documentation afin que vous puissiez c\u00e2bler votre maison en total autonomie. <\/li>\n\n\n\n<li>Durant tout le chantier, <strong>Dany<\/strong> vous accompagne pour r\u00e9pondre \u00e0 vous questions. <\/li>\n\n\n\n<li>Une fois plac\u00e9e votre c\u00e2blage termin\u00e9, une v\u00e9rification est faite par <strong>Dany<\/strong> afin qu&rsquo;il s&rsquo;assure que rien n&rsquo;a \u00e9t\u00e9 oubli\u00e9. <\/li>\n\n\n\n<li>Quelques semaine de pause vous attendent, <strong>Dany<\/strong> vous retrouve pour l&rsquo;installation de l&rsquo;armoire domotique, l&rsquo;installation des interrupteurs, prises et tous autre \u00e9quipement de finition. <\/li>\n\n\n\n<li>La derni\u00e8re \u00e9tapes est une <strong>\u00e9tapes essentiels<\/strong>, la validation de votre installation domotique par un organisme agr\u00e9\u00e9. <\/li>\n<\/ol>\n\n\n\n<div class=\"wp-block-columns is-layout-flex wp-container-core-columns-is-layout-28f84493 wp-block-columns-is-layout-flex\">\n<div class=\"wp-block-column is-layout-flow wp-block-column-is-layout-flow\" style=\"flex-basis:100%\"><\/div>\n<\/div>\n","protected":false},"excerpt":{"rendered":"<p>Le Do-It-Yourself s\u2019adresse aux particuliers, qui souhaitent placer eux-m\u00eames toute leur installation en &nbsp;\u00e9lectricit\u00e9,&nbsp;domotique, ventilation&nbsp;sans avoir de connaissance technique particuli\u00e8re. Fort de plus de 20 ans d&rsquo;exp\u00e9rience, Dany Marchal a su, au fil des ann\u00e9es, tisser un package de connaissance, permettant ainsi de vous proposer exclusivement du mat\u00e9riel de marque, de qualit\u00e9 surtout facile \u00e0 placer soi-m\u00eame. Conscient que le monde change, Dany Marchal est en constante \u00e9volution pour vous offrir des syst\u00e8mes agr\u00e9\u00e9s pratiques \u00e0 installer et r\u00e9pondant aux normes en vigueur. Votre projet se d\u00e9roule en quelques \u00e9tapes :<\/p>\n","protected":false},"author":1,"featured_media":0,"parent":0,"menu_order":0,"comment_status":"closed","ping_status":"closed","template":"","meta":{"_themeisle_gutenberg_block_has_review":false,"footnotes":""},"class_list":["post-65","page","type-page","status-publish","hentry"],"_links":{"self":[{"href":"https:\/\/marchal-dany.be\/wordpress\/wp-json\/wp\/v2\/pages\/65","targetHints":{"allow":["GET"]}}],"collection":[{"href":"https:\/\/marchal-dany.be\/wordpress\/wp-json\/wp\/v2\/pages"}],"about":[{"href":"https:\/\/marchal-dany.be\/wordpress\/wp-json\/wp\/v2\/types\/page"}],"author":[{"embeddable":true,"href":"https:\/\/marchal-dany.be\/wordpress\/wp-json\/wp\/v2\/users\/1"}],"replies":[{"embeddable":true,"href":"https:\/\/marchal-dany.be\/wordpress\/wp-json\/wp\/v2\/comments?post=65"}],"version-history":[{"count":6,"href":"https:\/\/marchal-dany.be\/wordpress\/wp-json\/wp\/v2\/pages\/65\/revisions"}],"predecessor-version":[{"id":385,"href":"https:\/\/marchal-dany.be\/wordpress\/wp-json\/wp\/v2\/pages\/65\/revisions\/385"}],"wp:attachment":[{"href":"https:\/\/marchal-dany.be\/wordpress\/wp-json\/wp\/v2\/media?parent=65"}],"curies":[{"name":"wp","href":"https:\/\/api.w.org\/{rel}","templated":true}]}}